{"id":56,"date":"2011-07-30T16:27:38","date_gmt":"2011-07-30T14:27:38","guid":{"rendered":"https:\/\/www.erwinmichielsen.nl\/?page_id=56"},"modified":"2025-12-17T12:32:32","modified_gmt":"2025-12-17T11:32:32","slug":"agenda","status":"publish","type":"page","link":"https:\/\/www.erwinmichielsen.nl\/es\/agenda\/","title":{"rendered":"Orden del dia"},"content":{"rendered":"<p><\/p>\n<table style=\"width: 100%; height: 887px;\" border=\"0\">\n<tbody>\n<tr>\n<td style=\"text-align: left;\"><span style=\"font-size: small;\">\u00a0<\/span><\/td>\n<td><span style=\"font-size: small;\">\u00a0<\/span><\/td>\n<\/tr>\n<tr>\n<td style=\"text-align: left;\"><span style=\"font-size: small;\">\u00a0<\/span><\/td>\n<td><span style=\"font-size: small;\">\u00a0<\/span><\/td>\n<\/tr>\n<tr>\n<td style=\"text-align: left;\"><span style=\"font-size: small;\">\u00a02023<\/span><\/td>\n<td><span style=\"font-size: small;\"> Exhibici\u00f3n Tante belleza para ver, con Ans Lukkassen, Altea, Espa\u00f1a<\/span><\/td>\n<\/tr>\n<tr>\n<td style=\"text-align: left;\"><span style=\"font-size: small;\">\u00a02023<\/span><\/td>\n<td><span style=\"font-size: small;\"> Part\u00edcipe ruta de estudio colectivo de artistas Zeen, con Helmie v\/d Riet, Edwin Klein, Horst, Hollanda<\/span><\/td>\n<\/tr>\n<tr>\n<td style=\"text-align: left;\"><span style=\"font-size: small;\">\u00a0<span style=\"font-size: 10pt;\">2022<\/span><\/span><\/td>\n<td><span style=\"font-size: small;\"> Exhibici\u00f3n Arte teatral, con <span style=\"font-size: 10pt;\">Udie<\/span> Adams, Thieu Adams, Helma Pustjens Horst<\/span><\/td>\n<\/tr>\n<tr style=\"height: 24px;\">\n<td style=\"height: 24px; text-align: left;\"><span style=\"font-size: 10pt;\">2022<\/span><\/td>\n<td style=\"height: 24px;\"><span style=\"font-size: small;\"> Aniversario Exhibici\u00f3n colectiva, Gallery Albir, Albir, Espa\u00f1a<\/span><\/td>\n<\/tr>\n<tr style=\"height: 24px;\">\n<td style=\"height: 24px; text-align: left;\"><span style=\"font-size: small;\">2022<\/span><\/td>\n<td style=\"height: 24px;\"><span style=\"font-size: small;\">Exhibici\u00f3n Arte Magistral con Ans Lukkassen en Gallery Albir, Albir, Espa\u00f1a<\/span><\/td>\n<\/tr>\n<tr style=\"height: 24px;\">\n<td style=\"height: 24px; text-align: left;\"><span style=\"font-size: small;\">2021<\/span><\/td>\n<td style=\"height: 24px;\"><span style=\"font-size: small;\">Exhibici\u00f3n karakters 3 mmv Helmie v\/d Riet y Dirk Verberne, Horst, Hollanda<\/span><\/td>\n<\/tr>\n<tr style=\"height: 24px;\">\n<td style=\"height: 24px; text-align: left;\"><span style=\"font-size: small;\">2020<\/span><\/td>\n<td style=\"height: 24px;\"><span style=\"font-size: small;\"> pop-up Exhibici\u00f3n Horst, con Nellie de Mulder y Eduard Gerrits, Hollanda<\/span><\/td>\n<\/tr>\n<tr style=\"height: 24px;\">\n<td style=\"height: 24px;\"><span style=\"font-size: small;\">2019<\/span><\/td>\n<td style=\"height: 24px;\"><span style=\"font-size: small;\">Exhibici\u00f3n Galerie Luna-art Venlo, Hollanda<\/span><\/td>\n<\/tr>\n<tr style=\"height: 24px;\">\n<td style=\"height: 24px;\"><span style=\"font-size: small;\">2019<\/span><\/td>\n<td style=\"height: 24px;\"><span style=\"font-size: small;\"> Part\u00edcipe ruta de estudio colectivo de artistas Zeen, Horst a\/d Maas, Hollanda<\/span><\/td>\n<\/tr>\n<tr style=\"height: 24px;\">\n<td style=\"height: 24px;\"><span style=\"font-size: small;\">2017<\/span><\/td>\n<td style=\"height: 24px;\"><span style=\"font-size: small;\"> Nominatie prijs, Kunst in Beeld Venlo, Hollanda<\/span><\/td>\n<\/tr>\n<tr style=\"height: 24px;\">\n<td style=\"height: 24px;\"><span style=\"font-size: small;\">2016<\/span><\/td>\n<td style=\"height: 24px;\"><span style=\"font-size: small;\">Exposici\u00f3n Galerie SPW59 Haarlem i.s.m. Ann Ilsbroukx, Hollanda<\/span><\/td>\n<\/tr>\n<tr style=\"height: 24px;\">\n<td style=\"height: 24px;\"><span style=\"font-size: small;\">2014<\/span><\/td>\n<td style=\"height: 24px;\"><span style=\"font-size: small;\">Exposici\u00f3n Museum Van Bommel van Dam te Venlo, Nothing is lost. Hollanda<\/span><\/td>\n<\/tr>\n<tr style=\"height: 48px;\">\n<td style=\"height: 48px;\"><span style=\"font-size: small;\">2012 <\/span><\/td>\n<td style=\"height: 48px;\"><span style=\"font-size: small;\">Exposici\u00f3n Textiel-Theater-Textiel, Museum Kantfabriek te Horst (Hollanda), quadros, mixed media, y composiciones florales.<\/span><\/td>\n<\/tr>\n<tr style=\"height: 24px;\">\n<td style=\"height: 24px;\"><span style=\"font-size: small;\">2012<\/span><\/td>\n<td style=\"height: 24px;\"><span style=\"font-size: small;\">Exposici\u00f3n Flower Power, Limburgs Museum en Venlo (Hollanda), quadros, mixed media, y composiciones florales. <\/span><\/td>\n<\/tr>\n<tr style=\"height: 49px;\">\n<td style=\"height: 49px;\"><span style=\"font-size: small;\">2012<\/span><\/td>\n<td style=\"height: 49px;\"><span style=\"font-size: small;\">Exposici\u00f3n Green windows of my mind, Frans Pfanner Huis\u00a0en Arcen<span style=\"font-family: Calibri; color: #000000;\">(Hollanda)<\/span>, quadros, mixed media, y composiciones florales.<\/span><\/td>\n<\/tr>\n<tr style=\"height: 50px;\">\n<td style=\"height: 50px;\"><span style=\"font-family: Calibri; color: #000000;\">2011<\/span><\/td>\n<td style=\"height: 50px;\"><span style=\"font-size: small;\"><span style=\"font-family: Calibri; color: #000000;\">Exposici\u00f3n Triplet de Florale Vormgevers (Horst, Hollanda). Quadros, mixed media y composiciones florales.\u00a0 <\/span><\/span><\/td>\n<\/tr>\n<tr style=\"height: 50px;\">\n<td style=\"height: 50px;\"><span style=\"font-size: small;\"><span style=\"font-family: Calibri; color: #000000;\">2010<\/span><\/span><\/td>\n<td style=\"height: 50px;\"><span style=\"font-size: small;\"><span style=\"font-family: Calibri; color: #000000;\">Exposici\u00f3n Oriental Moods en 20 estanuas del Castillo de Kasteeltuinen (Arcen Hollanda). Instalati\u00f3n de quadros, mixed media y composiciones florales.<\/span><\/span><\/td>\n<\/tr>\n<tr style=\"height: 25px;\">\n<td style=\"height: 25px;\"><span style=\"font-family: Calibri; color: #000000;\">2010<\/span><\/td>\n<td style=\"height: 25px;\"><span style=\"font-family: Calibri; color: #000000;\">Exposici\u00f3n de puertas abiertas en Buggenum (Hollanda), mixed media, quadros y dise\u00f1os florales.<\/span><\/td>\n<\/tr>\n<tr style=\"height: 25px;\">\n<td style=\"height: 25px;\"><span style=\"font-family: Calibri; color: #000000;\">2009<\/span><\/td>\n<td style=\"height: 25px;\"><span style=\"font-family: Calibri; color: #000000;\">Exposici\u00f3n Boulevard Organique (Kijkduin, Hollanda), composiciones florales en las dunas.<\/span><\/td>\n<\/tr>\n<tr style=\"height: 25px;\">\n<td style=\"height: 25px;\"><span style=\"font-family: Calibri; color: #000000;\">2009<\/span><\/td>\n<td style=\"height: 25px;\"><span style=\"font-family: Calibri; color: #000000;\">Exposici\u00f3n de puertas abiertas en Buggenum (Hollanda), mixed media, quadros y dise\u00f1os florales.<\/span><\/td>\n<\/tr>\n<tr style=\"height: 25px;\">\n<td style=\"height: 25px;\"><span style=\"font-family: Calibri; color: #000000;\">2008<\/span><\/td>\n<td style=\"height: 25px;\"><span style=\"font-family: Calibri; color: #000000;\">Exposici\u00f3n art\u00edstica en la iglesia, Tongeren (B\u00e9lgica), mixed media, quadros y composiciones florales<\/span><\/td>\n<\/tr>\n<tr style=\"height: 25px;\">\n<td style=\"height: 25px;\"><span style=\"font-family: Calibri; color: #000000; font-size: small;\"><span style=\"font-family: Arial;\">2008<\/span><\/span><\/td>\n<td style=\"height: 25px;\"><span style=\"font-family: Calibri; font-size: small;\">\u00a0<span style=\"font-family: Calibri;\">Exposici\u00f3n Boulevard Organique (Kijkduin, Hollanda), composiciones florales en las dunas.<\/span><\/span><\/td>\n<\/tr>\n<tr style=\"height: 50px;\">\n<td style=\"height: 50px;\"><span style=\"font-family: Calibri; color: #000000; font-size: small;\"><span style=\"font-family: Calibri; color: #000000;\">2006<\/span><\/span><\/td>\n<td style=\"height: 50px;\"><span style=\"font-family: Calibri; color: #000000; font-size: small;\">\u00a0<span style=\"font-family: Calibri; color: #000000;\">Exposici\u00f3n de arte en vidrio en la hist\u00f3rica luz de Horn (Hollanda). arte en vidrio en combinaci\u00f3n con composiciones florales.<\/span><\/span><\/td>\n<\/tr>\n<tr style=\"height: 50px;\">\n<td style=\"height: 50px;\"><span style=\"font-family: Calibri; color: #000000; font-size: small;\"><span style=\"font-family: Calibri; color: #000000;\">2005<\/span><\/span><\/td>\n<td style=\"height: 50px;\"><span style=\"font-family: Calibri; color: #000000; font-size: small;\">\u00a0<span style=\"font-family: Calibri; color: #000000;\">Exposici\u00f3n sue\u00f1os congelados en Arcen (Hollanda), instalaciones en 20 estan\u00faas del castillo de Kasteeltuinen en Arcen.<\/span><\/span><\/td>\n<\/tr>\n<tr style=\"height: 50px;\">\n<td style=\"height: 50px;\"><span style=\"font-family: Calibri; color: #000000; font-size: small;\"><span style=\"font-family: Calibri; color: #000000;\">2005<\/span><\/span><\/td>\n<td style=\"height: 50px;\"><span style=\"font-family: Calibri; color: #000000; font-size: small;\">\u00a0<span style=\"font-family: Calibri; color: #000000;\">Exposici\u00f3n de arte en vidrio en la hist\u00f3rica luz de Horn (Hollanda). Arte en vidrio en combinaci\u00f3n con composiciones florales.<\/span><\/span><\/td>\n<\/tr>\n<tr style=\"height: 50px;\">\n<td style=\"height: 50px;\"><span style=\"font-family: Calibri; color: #000000; font-size: small;\"><span style=\"font-family: Calibri; color: #000000;\">2004<\/span><\/span><\/td>\n<td style=\"height: 50px;\"><span style=\"font-family: Calibri; color: #000000; font-size: small;\">\u00a0<span style=\"font-family: Calibri; color: #000000;\">Exposici\u00f3n de arte en vidrio en la hist\u00f3rica luz de Horn (Hollanda). Arte en vidrio en combinaci\u00f3n con composiciones florales.<\/span><\/span><\/td>\n<\/tr>\n<tr style=\"height: 50px;\">\n<td style=\"height: 50px;\"><span style=\"font-family: Calibri; color: #000000; font-size: small;\"><span style=\"font-family: Calibri; color: #000000;\">2003<\/span><\/span><\/td>\n<td style=\"height: 50px;\"><span style=\"font-family: Calibri; color: #000000; font-size: small;\">\u00a0<span style=\"font-family: Calibri; color: #000000;\">Expositci\u00f3n en la galer\u00eda Judy Straten en Grubbenvorst (Hollanda), arte en vidrio en combinaci\u00f3n con dise\u00f1os florales; Bellisimi Fiori.<\/span><\/span><\/td>\n<\/tr>\n<tr style=\"height: 50px;\">\n<td style=\"height: 50px;\"><span style=\"font-family: Calibri; color: #000000; font-size: small;\"><span style=\"font-family: Calibri; color: #000000;\">1995<\/span><\/span><\/td>\n<td style=\"height: 50px;\"><span style=\"font-family: Calibri; color: #000000; font-size: small;\">\u00a0<span style=\"font-family: Calibri; color: #000000;\">Exposici\u00f3n en el museo Golzius en Venlo (Hollanda), dise\u00f1os florales conjuntamente con la celebraci\u00f3n de la exposici\u00f3n de San Sebasti\u00e1n.<\/span><\/span><\/td>\n<\/tr>\n<tr style=\"height: 25px;\">\n<td style=\"height: 25px;\"><span style=\"font-family: Calibri; color: #000000; font-size: small;\"><span style=\"line-height: 115%; font-family: 'Calibri','sans-serif'; mso-ascii-theme-font: minor-latin; mso-fareast-font-family: Calibri; mso-fareast-theme-font: minor-latin; mso-hansi-theme-font: minor-latin; mso-bidi-font-family: 'Times New Roman'; mso-bidi-theme-font: minor-bidi; mso-fareast-language: EN-US; mso-ansi-language: NL; mso-bidi-language: AR-SA;\"><span style=\"color: #000000;\">1992<\/span><\/span><\/span><\/td>\n<td style=\"height: 25px;\"><span style=\"font-family: Calibri; color: #000000; font-size: small;\">\u00a0<span style=\"font-family: Calibri;\">Exposici\u00f3n en el museo Golzius de Venlo (Hollanda) en su 25 aniversario, trabajos florales hist\u00f3ricos.<\/span><\/span><\/td>\n<\/tr>\n<\/tbody>\n<\/table>\n<p><span style=\"font-size: small;\">\u00a0<\/span><span style=\"font-size: small;\">\u00a0<\/span><span style=\"font-family: Calibri; color: #000000;\"><span style=\"mso-tab-count: 1;\">\u00a0\u00a0\u00a0\u00a0\u00a0\u00a0<\/span><\/span><span style=\"font-family: Calibri; color: #000000;\"><span style=\"mso-tab-count: 1;\">\u00a0\u00a0\u00a0\u00a0\u00a0\u00a0<\/span><\/span><span style=\"font-family: Calibri; color: #000000;\"><span style=\"mso-tab-count: 1;\">\u00a0\u00a0\u00a0\u00a0\u00a0\u00a0<\/span><\/span><span style=\"font-family: Calibri; color: #000000;\"><span style=\"mso-tab-count: 1;\">\u00a0\u00a0\u00a0\u00a0\u00a0\u00a0<\/span><\/span><span style=\"font-family: Calibri; color: #000000;\"><span style=\"mso-tab-count: 1;\">\u00a0\u00a0\u00a0\u00a0\u00a0\u00a0<\/span><\/span><span style=\"font-family: Calibri; color: #000000;\"><span style=\"mso-tab-count: 1;\">\u00a0\u00a0\u00a0\u00a0\u00a0<\/span><\/span><span style=\"font-family: Calibri; color: #000000;\"><span style=\"mso-tab-count: 1;\">\u00a0\u00a0\u00a0\u00a0\u00a0\u00a0<\/span><\/span><span style=\"font-family: Calibri; color: #000000;\"><span style=\"mso-tab-count: 1;\">\u00a0\u00a0\u00a0\u00a0\u00a0\u00a0<\/span><\/span><span style=\"font-family: Calibri; color: #000000;\"><span style=\"mso-tab-count: 1;\">\u00a0\u00a0\u00a0\u00a0\u00a0\u00a0<\/span><\/span><span style=\"font-family: Calibri; color: #000000;\"><span style=\"mso-tab-count: 1;\">\u00a0\u00a0\u00a0\u00a0\u00a0\u00a0<\/span><\/span><span style=\"font-family: Calibri; color: #000000;\"><span style=\"mso-tab-count: 1;\">\u00a0\u00a0\u00a0\u00a0\u00a0\u00a0<\/span><\/span><span style=\"font-family: Calibri; color: #000000;\"><span style=\"mso-tab-count: 1;\">\u00a0\u00a0\u00a0\u00a0\u00a0\u00a0<\/span><\/span><span style=\"font-family: Calibri; color: #000000;\"><span style=\"mso-tab-count: 1;\">\u00a0\u00a0\u00a0\u00a0\u00a0\u00a0<\/span><\/span><span style=\"line-height: 115%; font-family: 'Calibri','sans-serif'; font-size: 11pt; mso-ascii-theme-font: minor-latin; mso-fareast-font-family: Calibri; mso-fareast-theme-font: minor-latin; mso-hansi-theme-font: minor-latin; mso-bidi-font-family: 'Times New Roman'; mso-bidi-theme-font: minor-bidi; mso-fareast-language: EN-US; mso-ansi-language: NL; mso-bidi-language: AR-SA;\"><span style=\"color: #000000;\"><span style=\"font-family: Calibri;\"><span style=\"mso-tab-count: 1;\">\u00a0\u00a0\u00a0\u00a0\u00a0 <\/span><\/span><\/span><\/span><\/p>","protected":false},"excerpt":{"rendered":"<p>\u00a0 \u00a0 \u00a0 \u00a0 \u00a02023 Exhibici\u00f3n Tante belleza para ver, con Ans Lukkassen, Altea, Espa\u00f1a \u00a02023 Part\u00edcipe ruta de estudio colectivo de artistas Zeen, con Helmie v\/d Riet, Edwin Klein, Horst, Hollanda \u00a02022 Exhibici\u00f3n Arte teatral, con Udie Adams, Thieu &hellip; <a class=\"more-link\" href=\"https:\/\/www.erwinmichielsen.nl\/es\/agenda\/\">Lees verder \u2192<\/a><\/p>\n","protected":false},"author":1,"featured_media":0,"parent":0,"menu_order":6,"comment_status":"open","ping_status":"closed","template":"","meta":[],"_links":{"self":[{"href":"https:\/\/www.erwinmichielsen.nl\/es\/wp-json\/wp\/v2\/pages\/56"}],"collection":[{"href":"https:\/\/www.erwinmichielsen.nl\/es\/wp-json\/wp\/v2\/pages"}],"about":[{"href":"https:\/\/www.erwinmichielsen.nl\/es\/wp-json\/wp\/v2\/types\/page"}],"author":[{"embeddable":true,"href":"https:\/\/www.erwinmichielsen.nl\/es\/wp-json\/wp\/v2\/users\/1"}],"replies":[{"embeddable":true,"href":"https:\/\/www.erwinmichielsen.nl\/es\/wp-json\/wp\/v2\/comments?post=56"}],"version-history":[{"count":66,"href":"https:\/\/www.erwinmichielsen.nl\/es\/wp-json\/wp\/v2\/pages\/56\/revisions"}],"predecessor-version":[{"id":1686,"href":"https:\/\/www.erwinmichielsen.nl\/es\/wp-json\/wp\/v2\/pages\/56\/revisions\/1686"}],"wp:attachment":[{"href":"https:\/\/www.erwinmichielsen.nl\/es\/wp-json\/wp\/v2\/media?parent=56"}],"curies":[{"name":"wp","href":"https:\/\/api.w.org\/{rel}","templated":true}]}}